{"id":209267,"date":"2019-10-02T14:46:48","date_gmt":"2019-10-02T12:46:48","guid":{"rendered":"http:\/\/granvin.fartoyvern.no\/program\/gerhard-munthe-eventyrlige-interiorer\/"},"modified":"2020-09-21T14:35:21","modified_gmt":"2020-09-21T12:35:21","slug":"gerhard-munthe-eventyrlige-interiorer","status":"publish","type":"ajde_events","link":"https:\/\/granvinbygdemuseum.no\/en\/program\/gerhard-munthe-eventyrlige-interiorer\/","title":{"rendered":"Gerhard Munthe. Eventyrlige interi\u00f8rer."},"content":{"rendered":"<p><strong>21.06.20 &#8211; 06.09.2020 VANDREUTSTILLING: EVENTYRLIGE INTERI\u00d8RER<\/strong><\/p>\n<p>Ei vakker vandreutstilling og ein verdskunstnar kjem til Hardanger i sommar!<\/p>\n<p>Fr\u00e5 21. juni til 6. september husar me den vakre utstillinga Gerhard Munthe. Eventyrlige interi\u00f8rer. Denne vil du ikkje g\u00e5 glipp av!<\/p>\n<p>Utstillinga er i regi av Nasjonalmuseets landsdekkende program, og er laga i samarbeid med kuratorene Widar Hale\u0301n og Jan Kokkin.<\/p>\n<p>Gerhard Munthe var ein s\u00e6reigen kunstnar, og er mest kjend som biletkunstnar. Men det var kanskje innanfor omr\u00e5dene interi\u00f8r og design han gjorde sitt mest betydningsfulle og mest nyskapande arbeid. Munthe var inspirert av japanismen, syntetismen og art nouveau, men han var fyrst og fremst nasjonal i sin kunst. B\u00e5de oldtid og folkekunsten har sett djupe spor i Munthe sine verk og design. Han ynskja seg attende til det heimlege, det norske &#8211; og henta inspirasjon fr\u00e5 norsk natur, segn, myter og eventyr til mellom anna vevnader, tapet, m\u00f8blar, porselen og veggdekorasjoner.<\/p>\n<p>Munthe gjorde ein tydingsfull innsats innanfor romutsmykning og interi\u00f8r: H\u00e5konshallen i Bergen, Eventyrv\u00e6relset p\u00e5 Holmenkollen Turisthotell, Kunstindustrimuseet i Oslo, Strand g\u00e5rd i Numedal og Cath. Bangs spisestue i Kristiania er mellom dei st\u00f8rste. Til desse interi\u00f8ra laga han ikkje berre veggutsmykninger, men teikna og m\u00f8bler, d\u00f8rer og anna inventar. Slik vart desse arbeidene blant landets f\u00f8rste Gesamtkunstwerk.<\/p>\n<p>Han verka pa\u030a den internasjonale scenen og hadde \u00abet ord og en stemme med i verdenskonserten\u00bb, som kunsthistorikaren Andreas Aubert uttrykka det.<\/p>\n<p>Saman med fleire samtidige kunstnare i Europa, bana han veien for den abstrakte og modernistiske kunsten pa\u030a byrjinga av 1900-tallet, og han reknast i dag som ein av dei mest radikale art noveau-kunstnarene rundt \u00e5rhundreskiftet.<\/p>\n<p>Denne vandreutstillinga gjev eit godt innblikk av Munthe si endelause fantasirikdom og originalitet, og ikkje minst bredden i hans skapargjerning.<\/p>\n<p>Fleire originalverk er med i utstillinga. Eitt eksempel er Eventyrstolen (1898), som opprinneleg sto i Eventyrv\u00e6relset pa\u030a Holmenkollen Turisthotell. Dette hotellet brann diverre i 1914 &#8211; og berre nokre f\u00e5 gjenstander vart redda ut. Interi\u00f8ret Munthe skapte for H\u00e5konshallen i Bergen i \u00e5ra 1910-1916 brann i 1944. Fleire reproduksjonar fr\u00e5 H\u00e5konshallen er med i utstillinga, mellom anna den store Kristina-frisen &#8211; ei biletforteljing om prinsesse Kristina, syster til Magnus Lagab\u00f8te, si ferd til Castilla p\u00e5 midten av 1200-talet &#8211; der ho skulle gifta seg med kongens bror.<\/p>\n<p>Publikum fa\u030ar og normalt h\u00f8ve til a\u030a pr\u00f8ve seg pa\u030a veving i utstillinga. Ein vevstol er er sett opp, og for kvar utstillingsstad veks vevnaden. Munthe teikna mykje for vev, og har vore ein viktig person for vevekunsten i Noreg. Kona hans Sigrid var ei dyktig veverske og har vevd fleire av hans design, i likheit med kjende namn som Frida Hansen og Augusta Christensen. Denne publikumsveven vil ikkje kunne nyttast hj\u00e5 oss av smittevernomsyn, men ein kan sj\u00e5 vevnaden og ein instruksjonsvideo som er produsert til den.<\/p>\n<p>I tillegg til originalverkene, visast ei rekke reproduksjonar og fotografier av Munthe sine viktigste romdekorasjonar, til d\u00f8mes kunstnerens egen heim Leveld pa\u030a Lysaker, Strand ga\u030ard i Numedal, og alts\u00e5 H\u00e5konshallen. Utstillinga inneheld ein imponerande animasjon over Munthes omfattende dekorasjonar i Ha\u030akonshallen, der ein f\u00e5r eit inntrykk av heilskapen i dei uts\u00f8kte veggmaleriene, glassmaleriene, portaler, benker med hyndetrekk (putetrekk), eit musikkgalleri, og den nemde Kristina-frisen.<\/p>\n<p>Samtidskunstneren Anders Smebye har i tillegg laga en intervensjon med Munthe sitt Sv\u00f8mmende Havmenn fra Ha\u030akonshallen, i form av eit stort teppe.<\/p>\n<p>Det er laga ein f\u00f8rar til publikum i utstillinga, og det f\u00f8lger ogsa\u030a med eit eiget aktivitetshefte for barn og unge til utstillinga.<\/p>\n","protected":false},"author":17,"featured_media":209264,"menu_order":0,"comment_status":"closed","ping_status":"closed","template":"","meta":{"_et_pb_use_builder":"","_et_pb_old_content":"","_et_gb_content_width":"","inline_featured_image":false},"tags":[],"event_type":[46],"event_type_2":[23,51],"class_list":["post-209267","ajde_events","type-ajde_events","status-publish","has-post-thumbnail","hentry","event_location-hardanger-folkemuseum","event_organizer-hardanger-folkemuseum","event_type-utstilling","event_type_2-framsida","event_type_2-hvm-framside"],"yoast_head":"<!-- This site is optimized with the Yoast SEO plugin v27.4 - https:\/\/yoast.com\/product\/yoast-seo-wordpress\/ -->\n<title>Gerhard Munthe. Eventyrlige interi\u00f8rer. - Granvin bygdemuseum<\/title>\n<meta name=\"robots\" content=\"index, follow, max-snippet:-1, max-image-preview:large, max-video-preview:-1\" \/>\n<link rel=\"canonical\" href=\"https:\/\/granvinbygdemuseum.no\/en\/program\/gerhard-munthe-eventyrlige-interiorer\/\" \/>\n<meta property=\"og:locale\" content=\"en_US\" \/>\n<meta property=\"og:type\" content=\"article\" \/>\n<meta property=\"og:title\" content=\"Gerhard Munthe. Eventyrlige interi\u00f8rer. - Granvin bygdemuseum\" \/>\n<meta property=\"og:description\" content=\"21.06.20 &#8211; 06.09.2020 VANDREUTSTILLING: EVENTYRLIGE INTERI\u00d8RER Ei vakker vandreutstilling og ein verdskunstnar kjem til Hardanger i sommar! Fr\u00e5 21. juni til 6. september husar me den vakre utstillinga Gerhard Munthe. Eventyrlige interi\u00f8rer. Denne vil du ikkje g\u00e5 glipp av! Utstillinga er i regi av Nasjonalmuseets landsdekkende program, og er laga i samarbeid med kuratorene Widar [&hellip;]\" \/>\n<meta property=\"og:url\" content=\"https:\/\/granvinbygdemuseum.no\/en\/program\/gerhard-munthe-eventyrlige-interiorer\/\" \/>\n<meta property=\"og:site_name\" content=\"Granvin bygdemuseum\" \/>\n<meta property=\"article:modified_time\" content=\"2020-09-21T12:35:21+00:00\" \/>\n<meta property=\"og:image\" content=\"https:\/\/granvinbygdemuseum.no\/wp-content\/uploads\/2019\/10\/trollebotn2.jpg\" \/>\n\t<meta property=\"og:image:width\" content=\"1920\" \/>\n\t<meta property=\"og:image:height\" content=\"1355\" \/>\n\t<meta property=\"og:image:type\" content=\"image\/jpeg\" \/>\n<meta name=\"twitter:card\" content=\"summary_large_image\" \/>\n<meta name=\"twitter:label1\" content=\"Est. reading time\" \/>\n\t<meta name=\"twitter:data1\" content=\"3 minutes\" \/>\n<script type=\"application\/ld+json\" class=\"yoast-schema-graph\">{\"@context\":\"https:\\\/\\\/schema.org\",\"@graph\":[{\"@type\":\"WebPage\",\"@id\":\"https:\\\/\\\/granvinbygdemuseum.no\\\/en\\\/program\\\/gerhard-munthe-eventyrlige-interiorer\\\/\",\"url\":\"https:\\\/\\\/granvinbygdemuseum.no\\\/en\\\/program\\\/gerhard-munthe-eventyrlige-interiorer\\\/\",\"name\":\"Gerhard Munthe. Eventyrlige interi\u00f8rer. - Granvin bygdemuseum\",\"isPartOf\":{\"@id\":\"https:\\\/\\\/granvinbygdemuseum.no\\\/#website\"},\"primaryImageOfPage\":{\"@id\":\"https:\\\/\\\/granvinbygdemuseum.no\\\/en\\\/program\\\/gerhard-munthe-eventyrlige-interiorer\\\/#primaryimage\"},\"image\":{\"@id\":\"https:\\\/\\\/granvinbygdemuseum.no\\\/en\\\/program\\\/gerhard-munthe-eventyrlige-interiorer\\\/#primaryimage\"},\"thumbnailUrl\":\"https:\\\/\\\/granvinbygdemuseum.no\\\/wp-content\\\/uploads\\\/2019\\\/10\\\/trollebotn2.jpg\",\"datePublished\":\"2019-10-02T12:46:48+00:00\",\"dateModified\":\"2020-09-21T12:35:21+00:00\",\"breadcrumb\":{\"@id\":\"https:\\\/\\\/granvinbygdemuseum.no\\\/en\\\/program\\\/gerhard-munthe-eventyrlige-interiorer\\\/#breadcrumb\"},\"inLanguage\":\"en-US\",\"potentialAction\":[{\"@type\":\"ReadAction\",\"target\":[\"https:\\\/\\\/granvinbygdemuseum.no\\\/en\\\/program\\\/gerhard-munthe-eventyrlige-interiorer\\\/\"]}]},{\"@type\":\"ImageObject\",\"inLanguage\":\"en-US\",\"@id\":\"https:\\\/\\\/granvinbygdemuseum.no\\\/en\\\/program\\\/gerhard-munthe-eventyrlige-interiorer\\\/#primaryimage\",\"url\":\"https:\\\/\\\/granvinbygdemuseum.no\\\/wp-content\\\/uploads\\\/2019\\\/10\\\/trollebotn2.jpg\",\"contentUrl\":\"https:\\\/\\\/granvinbygdemuseum.no\\\/wp-content\\\/uploads\\\/2019\\\/10\\\/trollebotn2.jpg\",\"width\":1920,\"height\":1355},{\"@type\":\"BreadcrumbList\",\"@id\":\"https:\\\/\\\/granvinbygdemuseum.no\\\/en\\\/program\\\/gerhard-munthe-eventyrlige-interiorer\\\/#breadcrumb\",\"itemListElement\":[{\"@type\":\"ListItem\",\"position\":1,\"name\":\"Hjem\",\"item\":\"https:\\\/\\\/granvinbygdemuseum.no\\\/en\\\/\"},{\"@type\":\"ListItem\",\"position\":2,\"name\":\"Program\",\"item\":\"https:\\\/\\\/granvinbygdemuseum.no\\\/program\\\/\"},{\"@type\":\"ListItem\",\"position\":3,\"name\":\"Gerhard Munthe. Eventyrlige interi\u00f8rer.\"}]},{\"@type\":\"WebSite\",\"@id\":\"https:\\\/\\\/granvinbygdemuseum.no\\\/#website\",\"url\":\"https:\\\/\\\/granvinbygdemuseum.no\\\/\",\"name\":\"Granvin bygdemuseum\",\"description\":\"Ein del av Hardanger og Voss museum\",\"potentialAction\":[{\"@type\":\"SearchAction\",\"target\":{\"@type\":\"EntryPoint\",\"urlTemplate\":\"https:\\\/\\\/granvinbygdemuseum.no\\\/?s={search_term_string}\"},\"query-input\":{\"@type\":\"PropertyValueSpecification\",\"valueRequired\":true,\"valueName\":\"search_term_string\"}}],\"inLanguage\":\"en-US\"}]}<\/script>\n<!-- \/ Yoast SEO plugin. -->","yoast_head_json":{"title":"Gerhard Munthe. Eventyrlige interi\u00f8rer. - Granvin bygdemuseum","robots":{"index":"index","follow":"follow","max-snippet":"max-snippet:-1","max-image-preview":"max-image-preview:large","max-video-preview":"max-video-preview:-1"},"canonical":"https:\/\/granvinbygdemuseum.no\/en\/program\/gerhard-munthe-eventyrlige-interiorer\/","og_locale":"en_US","og_type":"article","og_title":"Gerhard Munthe. Eventyrlige interi\u00f8rer. - Granvin bygdemuseum","og_description":"21.06.20 &#8211; 06.09.2020 VANDREUTSTILLING: EVENTYRLIGE INTERI\u00d8RER Ei vakker vandreutstilling og ein verdskunstnar kjem til Hardanger i sommar! Fr\u00e5 21. juni til 6. september husar me den vakre utstillinga Gerhard Munthe. Eventyrlige interi\u00f8rer. Denne vil du ikkje g\u00e5 glipp av! Utstillinga er i regi av Nasjonalmuseets landsdekkende program, og er laga i samarbeid med kuratorene Widar [&hellip;]","og_url":"https:\/\/granvinbygdemuseum.no\/en\/program\/gerhard-munthe-eventyrlige-interiorer\/","og_site_name":"Granvin bygdemuseum","article_modified_time":"2020-09-21T12:35:21+00:00","og_image":[{"width":1920,"height":1355,"url":"https:\/\/granvinbygdemuseum.no\/wp-content\/uploads\/2019\/10\/trollebotn2.jpg","type":"image\/jpeg"}],"twitter_card":"summary_large_image","twitter_misc":{"Est. reading time":"3 minutes"},"schema":{"@context":"https:\/\/schema.org","@graph":[{"@type":"WebPage","@id":"https:\/\/granvinbygdemuseum.no\/en\/program\/gerhard-munthe-eventyrlige-interiorer\/","url":"https:\/\/granvinbygdemuseum.no\/en\/program\/gerhard-munthe-eventyrlige-interiorer\/","name":"Gerhard Munthe. Eventyrlige interi\u00f8rer. - Granvin bygdemuseum","isPartOf":{"@id":"https:\/\/granvinbygdemuseum.no\/#website"},"primaryImageOfPage":{"@id":"https:\/\/granvinbygdemuseum.no\/en\/program\/gerhard-munthe-eventyrlige-interiorer\/#primaryimage"},"image":{"@id":"https:\/\/granvinbygdemuseum.no\/en\/program\/gerhard-munthe-eventyrlige-interiorer\/#primaryimage"},"thumbnailUrl":"https:\/\/granvinbygdemuseum.no\/wp-content\/uploads\/2019\/10\/trollebotn2.jpg","datePublished":"2019-10-02T12:46:48+00:00","dateModified":"2020-09-21T12:35:21+00:00","breadcrumb":{"@id":"https:\/\/granvinbygdemuseum.no\/en\/program\/gerhard-munthe-eventyrlige-interiorer\/#breadcrumb"},"inLanguage":"en-US","potentialAction":[{"@type":"ReadAction","target":["https:\/\/granvinbygdemuseum.no\/en\/program\/gerhard-munthe-eventyrlige-interiorer\/"]}]},{"@type":"ImageObject","inLanguage":"en-US","@id":"https:\/\/granvinbygdemuseum.no\/en\/program\/gerhard-munthe-eventyrlige-interiorer\/#primaryimage","url":"https:\/\/granvinbygdemuseum.no\/wp-content\/uploads\/2019\/10\/trollebotn2.jpg","contentUrl":"https:\/\/granvinbygdemuseum.no\/wp-content\/uploads\/2019\/10\/trollebotn2.jpg","width":1920,"height":1355},{"@type":"BreadcrumbList","@id":"https:\/\/granvinbygdemuseum.no\/en\/program\/gerhard-munthe-eventyrlige-interiorer\/#breadcrumb","itemListElement":[{"@type":"ListItem","position":1,"name":"Hjem","item":"https:\/\/granvinbygdemuseum.no\/en\/"},{"@type":"ListItem","position":2,"name":"Program","item":"https:\/\/granvinbygdemuseum.no\/program\/"},{"@type":"ListItem","position":3,"name":"Gerhard Munthe. Eventyrlige interi\u00f8rer."}]},{"@type":"WebSite","@id":"https:\/\/granvinbygdemuseum.no\/#website","url":"https:\/\/granvinbygdemuseum.no\/","name":"Granvin bygdemuseum","description":"Ein del av Hardanger og Voss museum","potentialAction":[{"@type":"SearchAction","target":{"@type":"EntryPoint","urlTemplate":"https:\/\/granvinbygdemuseum.no\/?s={search_term_string}"},"query-input":{"@type":"PropertyValueSpecification","valueRequired":true,"valueName":"search_term_string"}}],"inLanguage":"en-US"}]}},"_links":{"self":[{"href":"https:\/\/granvinbygdemuseum.no\/en\/wp-json\/wp\/v2\/ajde_events\/209267","targetHints":{"allow":["GET"]}}],"collection":[{"href":"https:\/\/granvinbygdemuseum.no\/en\/wp-json\/wp\/v2\/ajde_events"}],"about":[{"href":"https:\/\/granvinbygdemuseum.no\/en\/wp-json\/wp\/v2\/types\/ajde_events"}],"author":[{"embeddable":true,"href":"https:\/\/granvinbygdemuseum.no\/en\/wp-json\/wp\/v2\/users\/17"}],"replies":[{"embeddable":true,"href":"https:\/\/granvinbygdemuseum.no\/en\/wp-json\/wp\/v2\/comments?post=209267"}],"wp:featuredmedia":[{"embeddable":true,"href":"https:\/\/granvinbygdemuseum.no\/en\/wp-json\/wp\/v2\/media\/209264"}],"wp:attachment":[{"href":"https:\/\/granvinbygdemuseum.no\/en\/wp-json\/wp\/v2\/media?parent=209267"}],"wp:term":[{"taxonomy":"post_tag","embeddable":true,"href":"https:\/\/granvinbygdemuseum.no\/en\/wp-json\/wp\/v2\/tags?post=209267"},{"taxonomy":"event_type","embeddable":true,"href":"https:\/\/granvinbygdemuseum.no\/en\/wp-json\/wp\/v2\/event_type?post=209267"},{"taxonomy":"event_type_2","embeddable":true,"href":"https:\/\/granvinbygdemuseum.no\/en\/wp-json\/wp\/v2\/event_type_2?post=209267"}],"curies":[{"name":"wp","href":"https:\/\/api.w.org\/{rel}","templated":true}]}}